{"id":5695,"date":"2022-04-11T08:45:23","date_gmt":"2022-04-11T06:45:23","guid":{"rendered":"https:\/\/www.garage-berset.ch\/wir-bilden-den-nachwuchs-seit-1965-aus\/"},"modified":"2025-06-19T11:26:51","modified_gmt":"2025-06-19T09:26:51","slug":"wir-bilden-den-nachwuchs-seit-1965-aus","status":"publish","type":"page","link":"https:\/\/www.garage-berset.ch\/de\/wir-bilden-den-nachwuchs-seit-1965-aus\/","title":{"rendered":"Wir bilden den Nachwuchs seit 1965 aus."},"content":{"rendered":"\n<h2 class=\"wp-block-heading\">Seit Jahrzehnten liegt uns das Lernen am Herzen \u2661 .<\/h2>\n\n<p>K\u00f6nnen Sie sich ein Arbeitsumfeld ohne betriebliche Ausbildung vorstellen? Das ist unm\u00f6glich! In der Garage Berset sind wir davon \u00fcberzeugt, dass der notwendige Nachwuchs im Bereich der Automechanik in der Praxis ausgebildet und durch einen theoretischen Lehrgang begleitet werden muss. Aus diesem Grund unterst\u00fctzen wir den Berufsstand, indem wir jedes Jahr Lehrlinge in unseren Garagen in Marly und La Tour-de-Tr\u00eame ausbilden.     <br\/><\/p>\n\n<div class=\"wp-block-media-text is-stacked-on-mobile\"><figure class=\"wp-block-media-text__media\"><img loading=\"lazy\" decoding=\"async\" width=\"1024\" height=\"726\" src=\"https:\/\/www.garage-berset.ch\/wp-content\/uploads\/2022\/06\/et-si-on-partait-3-1024x726.png\" alt=\"\" class=\"wp-image-4146 size-full\" srcset=\"https:\/\/www.garage-berset.ch\/wp-content\/uploads\/2022\/06\/et-si-on-partait-3-1024x726.png 1024w, https:\/\/www.garage-berset.ch\/wp-content\/uploads\/2022\/06\/et-si-on-partait-3-300x213.png 300w, https:\/\/www.garage-berset.ch\/wp-content\/uploads\/2022\/06\/et-si-on-partait-3-768x545.png 768w, https:\/\/www.garage-berset.ch\/wp-content\/uploads\/2022\/06\/et-si-on-partait-3-1536x1090.png 1536w, https:\/\/www.garage-berset.ch\/wp-content\/uploads\/2022\/06\/et-si-on-partait-3-388x275.png 388w, https:\/\/www.garage-berset.ch\/wp-content\/uploads\/2022\/06\/et-si-on-partait-3-846x600.png 846w, https:\/\/www.garage-berset.ch\/wp-content\/uploads\/2022\/06\/et-si-on-partait-3.png 1748w\" sizes=\"auto, (max-width: 1024px) 100vw, 1024px\" \/><\/figure><div class=\"wp-block-media-text__content\">\n<h2 class=\"wp-block-heading\">Unser Know-how weitergeben<\/h2>\n\n\n\n<p>Jedes Handwerk und jeder Beruf hat seine Geheimnisse und Feinheiten. Um diese nicht zu verlieren, ist es wichtig, junge Menschen auszubilden, die motiviert sind, zu lernen und unsere Leidenschaft, die Automechanik, weiterzuf\u00fchren. Wir begleiten sie mehrere Jahre lang Tag f\u00fcr Tag, bis sie einsatzf\u00e4hig und bereit sind, auf eigenen F\u00fc\u00dfen in der Arbeitswelt zu stehen.  <\/p>\n<\/div><\/div>\n\n<p><\/p>\n\n<h3 class=\"wp-block-heading\">Mechaniker und Mechatroniker<\/h3>\n\n<p>In unserem Familienbetrieb bilden wir junge Leute zu Automechanikern und Mechatronikern aus. Diese beiden Formationen sind die starken Glieder unserer Branche. W\u00e4hrend der Mechaniker sich mehr auf die mechanischen Teile des Autos konzentriert (wie der Name schon sagt), konzentriert sich der Mechatroniker auf die elektronischen, elektrischen und diagnostischen Teile moderner Autos und hat eine etwas gr\u00f6\u00dfere Affinit\u00e4t zu Computern.  <br\/><\/p>\n\n<figure class=\"wp-block-gallery has-nested-images columns-4 is-cropped wp-block-gallery-1 is-layout-flex wp-block-gallery-is-layout-flex\">\n<figure class=\"wp-block-image size-large\"><img loading=\"lazy\" decoding=\"async\" width=\"600\" height=\"600\" data-id=\"5157\" src=\"https:\/\/www.garage-berset.ch\/wp-content\/uploads\/2023\/10\/photos-collaborateurs-pour-site-600x600-1.png\" alt=\"\" class=\"wp-image-5157\" srcset=\"https:\/\/www.garage-berset.ch\/wp-content\/uploads\/2023\/10\/photos-collaborateurs-pour-site-600x600-1.png 600w, https:\/\/www.garage-berset.ch\/wp-content\/uploads\/2023\/10\/photos-collaborateurs-pour-site-600x600-1-300x300.png 300w, https:\/\/www.garage-berset.ch\/wp-content\/uploads\/2023\/10\/photos-collaborateurs-pour-site-600x600-1-150x150.png 150w, https:\/\/www.garage-berset.ch\/wp-content\/uploads\/2023\/10\/photos-collaborateurs-pour-site-600x600-1-275x275.png 275w\" sizes=\"auto, (max-width: 600px) 100vw, 600px\" \/><\/figure>\n\n\n\n<figure class=\"wp-block-image size-large\"><img loading=\"lazy\" decoding=\"async\" width=\"600\" height=\"600\" data-id=\"4957\" src=\"https:\/\/www.garage-berset.ch\/wp-content\/uploads\/2019\/09\/13.png\" alt=\"\" class=\"wp-image-4957\" srcset=\"https:\/\/www.garage-berset.ch\/wp-content\/uploads\/2019\/09\/13.png 600w, https:\/\/www.garage-berset.ch\/wp-content\/uploads\/2019\/09\/13-300x300.png 300w, https:\/\/www.garage-berset.ch\/wp-content\/uploads\/2019\/09\/13-150x150.png 150w, https:\/\/www.garage-berset.ch\/wp-content\/uploads\/2019\/09\/13-275x275.png 275w\" sizes=\"auto, (max-width: 600px) 100vw, 600px\" \/><\/figure>\n\n\n\n<figure class=\"wp-block-image size-large\"><img loading=\"lazy\" decoding=\"async\" width=\"600\" height=\"600\" data-id=\"5015\" src=\"https:\/\/www.garage-berset.ch\/wp-content\/uploads\/2023\/10\/35.png\" alt=\"\" class=\"wp-image-5015\" srcset=\"https:\/\/www.garage-berset.ch\/wp-content\/uploads\/2023\/10\/35.png 600w, https:\/\/www.garage-berset.ch\/wp-content\/uploads\/2023\/10\/35-300x300.png 300w, https:\/\/www.garage-berset.ch\/wp-content\/uploads\/2023\/10\/35-150x150.png 150w, https:\/\/www.garage-berset.ch\/wp-content\/uploads\/2023\/10\/35-275x275.png 275w\" sizes=\"auto, (max-width: 600px) 100vw, 600px\" \/><\/figure>\n\n\n\n<figure class=\"wp-block-image size-large\"><img loading=\"lazy\" decoding=\"async\" width=\"600\" height=\"600\" data-id=\"5025\" src=\"https:\/\/www.garage-berset.ch\/wp-content\/uploads\/2023\/10\/10.png\" alt=\"\" class=\"wp-image-5025\" srcset=\"https:\/\/www.garage-berset.ch\/wp-content\/uploads\/2023\/10\/10.png 600w, https:\/\/www.garage-berset.ch\/wp-content\/uploads\/2023\/10\/10-300x300.png 300w, https:\/\/www.garage-berset.ch\/wp-content\/uploads\/2023\/10\/10-150x150.png 150w, https:\/\/www.garage-berset.ch\/wp-content\/uploads\/2023\/10\/10-275x275.png 275w\" sizes=\"auto, (max-width: 600px) 100vw, 600px\" \/><\/figure>\n<\/figure>\n\n<p><\/p>\n\n<div class=\"wp-block-media-text has-media-on-the-right is-stacked-on-mobile\" style=\"grid-template-columns:auto 33%\"><div class=\"wp-block-media-text__content\">\n<h2 class=\"wp-block-heading\">Seit 1987 in der Garage Berset!<br\/><br\/><\/h2>\n\n\n\n<p>Mit <a href=\"https:\/\/www.garage-berset.ch\/en\/membre\/nicolas-brugger\/\" target=\"_blank\" rel=\"noreferrer noopener\">Nicolas Br\u00fcgger<\/a> haben wir ein gutes Beispiel f\u00fcr Ausbildung und berufliche Entwicklung in unserem Team. Nicolas begann seine Lehre 1987 in der Garage Berset in Marly und ist auch heute noch, mehr als 35 Jahre sp\u00e4ter, als Leiter der Werkstatt und des Kundendienstes in unserem Zentrum in Marly t\u00e4tig.  Dies ist der lebende Beweis daf\u00fcr, dass man, wenn man liebt, nicht (die Jahre) z\u00e4hlt.  <\/p>\n<\/div><figure class=\"wp-block-media-text__media\"><img loading=\"lazy\" decoding=\"async\" width=\"1800\" height=\"2400\" src=\"https:\/\/www.garage-berset.ch\/wp-content\/uploads\/2019\/07\/stemutz_photo_garage_berset_2400px-dscf1006.jpg\" alt=\"\" class=\"wp-image-1633 size-full\" srcset=\"https:\/\/www.garage-berset.ch\/wp-content\/uploads\/2019\/07\/stemutz_photo_garage_berset_2400px-dscf1006.jpg 1800w, https:\/\/www.garage-berset.ch\/wp-content\/uploads\/2019\/07\/stemutz_photo_garage_berset_2400px-dscf1006-225x300.jpg 225w, https:\/\/www.garage-berset.ch\/wp-content\/uploads\/2019\/07\/stemutz_photo_garage_berset_2400px-dscf1006-768x1024.jpg 768w, https:\/\/www.garage-berset.ch\/wp-content\/uploads\/2019\/07\/stemutz_photo_garage_berset_2400px-dscf1006-206x275.jpg 206w, https:\/\/www.garage-berset.ch\/wp-content\/uploads\/2019\/07\/stemutz_photo_garage_berset_2400px-dscf1006-450x600.jpg 450w\" sizes=\"auto, (max-width: 1800px) 100vw, 1800px\" \/><\/figure><\/div>\n\n<h3 class=\"wp-block-heading\"><\/h3>\n\n<p><\/p>\n\n<h3 class=\"wp-block-heading\">Ihre Zukunft bei Garage Berset?  <\/h3>\n\n<p>M\u00f6chten Sie ein Praktikum absolvieren oder sich f\u00fcr einen Ausbildungsplatz bei der Garage Berset bewerben? Rufen Sie uns an oder schicken Sie uns eine E-Mail an valerie@garage-berset.ch f\u00fcr Marly oder an sophie@garage-berset.ch, wenn Sie nach La Tour-de-Tr\u00eame kommen m\u00f6chten.  Unsere Kontaktinformationen finden Sie, indem Sie <a href=\"https:\/\/www.garage-berset.ch\/de\/kontakt-2\/\">hier klicken<\/a>. Wir freuen uns darauf, Ihnen so schnell wie m\u00f6glich zu antworten.  <br\/><br\/>Bis bald!  <\/p>\n\n<p><br\/><\/p>\n","protected":false},"excerpt":{"rendered":"<p>Seit Jahrzehnten liegt uns das Lernen am Herzen \u2661 . K\u00f6nnen Sie sich ein Arbeitsumfeld ohne betriebliche Ausbildung vorstellen? Das ist unm\u00f6glich! In der Garage Berset sind wir davon \u00fcberzeugt, dass der notwendige Nachwuchs im Bereich der Automechanik in der Praxis ausgebildet und durch einen theoretischen Lehrgang begleitet werden muss. Aus diesem Grund unterst\u00fctzen wir [&hellip;]<\/p>\n","protected":false},"author":2,"featured_media":3903,"parent":0,"menu_order":0,"comment_status":"closed","ping_status":"closed","template":"","meta":{"_acf_changed":false,"footnotes":""},"class_list":["post-5695","page","type-page","status-publish","has-post-thumbnail","hentry"],"acf":[],"yoast_head":"<!-- This site is optimized with the Yoast SEO plugin v27.5 - https:\/\/yoast.com\/product\/yoast-seo-wordpress\/ -->\n<title>Wir bilden den Nachwuchs seit 1965 aus.<\/title>\n<meta name=\"description\" content=\"Die Ausbildung liegt uns am Herzen, wir begleiten jedes Jahr Auszubildende auf ihrem Weg zur Ausbildung im Automobilbereich.\" \/>\n<meta name=\"robots\" content=\"index, follow, max-snippet:-1, max-image-preview:large, max-video-preview:-1\" \/>\n<link rel=\"canonical\" href=\"https:\/\/www.garage-berset.ch\/de\/wir-bilden-den-nachwuchs-seit-1965-aus\/\" \/>\n<meta property=\"og:locale\" content=\"de_DE\" \/>\n<meta property=\"og:type\" content=\"article\" \/>\n<meta property=\"og:title\" content=\"Wir bilden den Nachwuchs seit 1965 aus.\" \/>\n<meta property=\"og:description\" content=\"Die Ausbildung liegt uns am Herzen, wir begleiten jedes Jahr Auszubildende auf ihrem Weg zur Ausbildung im Automobilbereich.\" \/>\n<meta property=\"og:url\" content=\"https:\/\/www.garage-berset.ch\/de\/wir-bilden-den-nachwuchs-seit-1965-aus\/\" \/>\n<meta property=\"og:site_name\" content=\"Garage Berset | Fribourg, Marly et la Tour-de-Tr\u00eame\" \/>\n<meta property=\"article:modified_time\" content=\"2025-06-19T09:26:51+00:00\" \/>\n<meta property=\"og:image\" content=\"https:\/\/www.garage-berset.ch\/wp-content\/uploads\/2022\/04\/gr0008a_22-tiff_lowres-web-png-1024x682.png\" \/>\n\t<meta property=\"og:image:width\" content=\"1024\" \/>\n\t<meta property=\"og:image:height\" content=\"682\" \/>\n\t<meta property=\"og:image:type\" content=\"image\/png\" \/>\n<meta name=\"twitter:card\" content=\"summary_large_image\" \/>\n<meta name=\"twitter:label1\" content=\"Gesch\u00e4tzte Lesezeit\" \/>\n\t<meta name=\"twitter:data1\" content=\"2\u00a0Minuten\" \/>\n<script type=\"application\/ld+json\" class=\"yoast-schema-graph\">{\"@context\":\"https:\\\/\\\/schema.org\",\"@graph\":[{\"@type\":\"WebPage\",\"@id\":\"https:\\\/\\\/www.garage-berset.ch\\\/de\\\/wir-bilden-den-nachwuchs-seit-1965-aus\\\/\",\"url\":\"https:\\\/\\\/www.garage-berset.ch\\\/de\\\/wir-bilden-den-nachwuchs-seit-1965-aus\\\/\",\"name\":\"Wir bilden den Nachwuchs seit 1965 aus.\",\"isPartOf\":{\"@id\":\"https:\\\/\\\/www.garage-berset.ch\\\/#website\"},\"primaryImageOfPage\":{\"@id\":\"https:\\\/\\\/www.garage-berset.ch\\\/de\\\/wir-bilden-den-nachwuchs-seit-1965-aus\\\/#primaryimage\"},\"image\":{\"@id\":\"https:\\\/\\\/www.garage-berset.ch\\\/de\\\/wir-bilden-den-nachwuchs-seit-1965-aus\\\/#primaryimage\"},\"thumbnailUrl\":\"https:\\\/\\\/www.garage-berset.ch\\\/wp-content\\\/uploads\\\/2022\\\/04\\\/gr0008a_22-tiff_lowres-web-png.png\",\"datePublished\":\"2022-04-11T06:45:23+00:00\",\"dateModified\":\"2025-06-19T09:26:51+00:00\",\"description\":\"Die Ausbildung liegt uns am Herzen, wir begleiten jedes Jahr Auszubildende auf ihrem Weg zur Ausbildung im Automobilbereich.\",\"breadcrumb\":{\"@id\":\"https:\\\/\\\/www.garage-berset.ch\\\/de\\\/wir-bilden-den-nachwuchs-seit-1965-aus\\\/#breadcrumb\"},\"inLanguage\":\"de\",\"potentialAction\":[{\"@type\":\"ReadAction\",\"target\":[\"https:\\\/\\\/www.garage-berset.ch\\\/de\\\/wir-bilden-den-nachwuchs-seit-1965-aus\\\/\"]}]},{\"@type\":\"ImageObject\",\"inLanguage\":\"de\",\"@id\":\"https:\\\/\\\/www.garage-berset.ch\\\/de\\\/wir-bilden-den-nachwuchs-seit-1965-aus\\\/#primaryimage\",\"url\":\"https:\\\/\\\/www.garage-berset.ch\\\/wp-content\\\/uploads\\\/2022\\\/04\\\/gr0008a_22-tiff_lowres-web-png.png\",\"contentUrl\":\"https:\\\/\\\/www.garage-berset.ch\\\/wp-content\\\/uploads\\\/2022\\\/04\\\/gr0008a_22-tiff_lowres-web-png.png\",\"width\":2000,\"height\":1333},{\"@type\":\"BreadcrumbList\",\"@id\":\"https:\\\/\\\/www.garage-berset.ch\\\/de\\\/wir-bilden-den-nachwuchs-seit-1965-aus\\\/#breadcrumb\",\"itemListElement\":[{\"@type\":\"ListItem\",\"position\":1,\"name\":\"Accueil\",\"item\":\"https:\\\/\\\/www.garage-berset.ch\\\/de\\\/garage-berset-3\\\/\"},{\"@type\":\"ListItem\",\"position\":2,\"name\":\"Wir bilden den Nachwuchs seit 1965 aus.\"}]},{\"@type\":\"WebSite\",\"@id\":\"https:\\\/\\\/www.garage-berset.ch\\\/#website\",\"url\":\"https:\\\/\\\/www.garage-berset.ch\\\/\",\"name\":\"Garage Berset | Fribourg, Marly et la Tour-de-Tr\u00eame\",\"description\":\"Depuis 1951, le Garage Berset \u00e0 Fribourg (Marly) et \u00e0 Bulle (Tour-de-Tr\u00eame) est le leader des marques Lexus, Toyota et Maserati dans le canton de Fribourg.\",\"potentialAction\":[{\"@type\":\"SearchAction\",\"target\":{\"@type\":\"EntryPoint\",\"urlTemplate\":\"https:\\\/\\\/www.garage-berset.ch\\\/?s={search_term_string}\"},\"query-input\":{\"@type\":\"PropertyValueSpecification\",\"valueRequired\":true,\"valueName\":\"search_term_string\"}}],\"inLanguage\":\"de\"}]}<\/script>\n<!-- \/ Yoast SEO plugin. -->","yoast_head_json":{"title":"Wir bilden den Nachwuchs seit 1965 aus.","description":"Die Ausbildung liegt uns am Herzen, wir begleiten jedes Jahr Auszubildende auf ihrem Weg zur Ausbildung im Automobilbereich.","robots":{"index":"index","follow":"follow","max-snippet":"max-snippet:-1","max-image-preview":"max-image-preview:large","max-video-preview":"max-video-preview:-1"},"canonical":"https:\/\/www.garage-berset.ch\/de\/wir-bilden-den-nachwuchs-seit-1965-aus\/","og_locale":"de_DE","og_type":"article","og_title":"Wir bilden den Nachwuchs seit 1965 aus.","og_description":"Die Ausbildung liegt uns am Herzen, wir begleiten jedes Jahr Auszubildende auf ihrem Weg zur Ausbildung im Automobilbereich.","og_url":"https:\/\/www.garage-berset.ch\/de\/wir-bilden-den-nachwuchs-seit-1965-aus\/","og_site_name":"Garage Berset | Fribourg, Marly et la Tour-de-Tr\u00eame","article_modified_time":"2025-06-19T09:26:51+00:00","og_image":[{"width":1024,"height":682,"url":"https:\/\/www.garage-berset.ch\/wp-content\/uploads\/2022\/04\/gr0008a_22-tiff_lowres-web-png-1024x682.png","type":"image\/png"}],"twitter_card":"summary_large_image","twitter_misc":{"Gesch\u00e4tzte Lesezeit":"2\u00a0Minuten"},"schema":{"@context":"https:\/\/schema.org","@graph":[{"@type":"WebPage","@id":"https:\/\/www.garage-berset.ch\/de\/wir-bilden-den-nachwuchs-seit-1965-aus\/","url":"https:\/\/www.garage-berset.ch\/de\/wir-bilden-den-nachwuchs-seit-1965-aus\/","name":"Wir bilden den Nachwuchs seit 1965 aus.","isPartOf":{"@id":"https:\/\/www.garage-berset.ch\/#website"},"primaryImageOfPage":{"@id":"https:\/\/www.garage-berset.ch\/de\/wir-bilden-den-nachwuchs-seit-1965-aus\/#primaryimage"},"image":{"@id":"https:\/\/www.garage-berset.ch\/de\/wir-bilden-den-nachwuchs-seit-1965-aus\/#primaryimage"},"thumbnailUrl":"https:\/\/www.garage-berset.ch\/wp-content\/uploads\/2022\/04\/gr0008a_22-tiff_lowres-web-png.png","datePublished":"2022-04-11T06:45:23+00:00","dateModified":"2025-06-19T09:26:51+00:00","description":"Die Ausbildung liegt uns am Herzen, wir begleiten jedes Jahr Auszubildende auf ihrem Weg zur Ausbildung im Automobilbereich.","breadcrumb":{"@id":"https:\/\/www.garage-berset.ch\/de\/wir-bilden-den-nachwuchs-seit-1965-aus\/#breadcrumb"},"inLanguage":"de","potentialAction":[{"@type":"ReadAction","target":["https:\/\/www.garage-berset.ch\/de\/wir-bilden-den-nachwuchs-seit-1965-aus\/"]}]},{"@type":"ImageObject","inLanguage":"de","@id":"https:\/\/www.garage-berset.ch\/de\/wir-bilden-den-nachwuchs-seit-1965-aus\/#primaryimage","url":"https:\/\/www.garage-berset.ch\/wp-content\/uploads\/2022\/04\/gr0008a_22-tiff_lowres-web-png.png","contentUrl":"https:\/\/www.garage-berset.ch\/wp-content\/uploads\/2022\/04\/gr0008a_22-tiff_lowres-web-png.png","width":2000,"height":1333},{"@type":"BreadcrumbList","@id":"https:\/\/www.garage-berset.ch\/de\/wir-bilden-den-nachwuchs-seit-1965-aus\/#breadcrumb","itemListElement":[{"@type":"ListItem","position":1,"name":"Accueil","item":"https:\/\/www.garage-berset.ch\/de\/garage-berset-3\/"},{"@type":"ListItem","position":2,"name":"Wir bilden den Nachwuchs seit 1965 aus."}]},{"@type":"WebSite","@id":"https:\/\/www.garage-berset.ch\/#website","url":"https:\/\/www.garage-berset.ch\/","name":"Garage Berset | Fribourg, Marly et la Tour-de-Tr\u00eame","description":"Depuis 1951, le Garage Berset \u00e0 Fribourg (Marly) et \u00e0 Bulle (Tour-de-Tr\u00eame) est le leader des marques Lexus, Toyota et Maserati dans le canton de Fribourg.","potentialAction":[{"@type":"SearchAction","target":{"@type":"EntryPoint","urlTemplate":"https:\/\/www.garage-berset.ch\/?s={search_term_string}"},"query-input":{"@type":"PropertyValueSpecification","valueRequired":true,"valueName":"search_term_string"}}],"inLanguage":"de"}]}},"_links":{"self":[{"href":"https:\/\/www.garage-berset.ch\/de\/wp-json\/wp\/v2\/pages\/5695","targetHints":{"allow":["GET"]}}],"collection":[{"href":"https:\/\/www.garage-berset.ch\/de\/wp-json\/wp\/v2\/pages"}],"about":[{"href":"https:\/\/www.garage-berset.ch\/de\/wp-json\/wp\/v2\/types\/page"}],"author":[{"embeddable":true,"href":"https:\/\/www.garage-berset.ch\/de\/wp-json\/wp\/v2\/users\/2"}],"replies":[{"embeddable":true,"href":"https:\/\/www.garage-berset.ch\/de\/wp-json\/wp\/v2\/comments?post=5695"}],"version-history":[{"count":3,"href":"https:\/\/www.garage-berset.ch\/de\/wp-json\/wp\/v2\/pages\/5695\/revisions"}],"predecessor-version":[{"id":8417,"href":"https:\/\/www.garage-berset.ch\/de\/wp-json\/wp\/v2\/pages\/5695\/revisions\/8417"}],"wp:featuredmedia":[{"embeddable":true,"href":"https:\/\/www.garage-berset.ch\/de\/wp-json\/wp\/v2\/media\/3903"}],"wp:attachment":[{"href":"https:\/\/www.garage-berset.ch\/de\/wp-json\/wp\/v2\/media?parent=5695"}],"curies":[{"name":"wp","href":"https:\/\/api.w.org\/{rel}","templated":true}]}}