{"id":6935,"date":"2023-09-14T10:33:43","date_gmt":"2023-09-14T08:33:43","guid":{"rendered":"https:\/\/www.garage-berset.ch\/service\/karosserie-und-lackierung\/"},"modified":"2025-06-19T11:34:29","modified_gmt":"2025-06-19T09:34:29","slug":"karosserie-und-lackierung","status":"publish","type":"service","link":"https:\/\/www.garage-berset.ch\/de\/service\/karosserie-und-lackierung\/","title":{"rendered":"Karosserie und Lackierung"},"content":{"rendered":"\n<h1 class=\"wp-block-heading has-black-color has-text-color has-link-color has-medium-font-size wp-elements-6e12cffba8dbd415467fafb90f253d47\">Karosseriereparaturen in Marly und La Tour-de-Tr\u00eame: Ausbeulen, Lackieren, Unfallinstandsetzung, Gutachten, Versicherungskontakt, alle Marken.<\/h1>\n\n<div class=\"wp-block-media-text is-stacked-on-mobile\"><figure class=\"wp-block-media-text__media\"><img loading=\"lazy\" decoding=\"async\" width=\"1024\" height=\"576\" src=\"https:\/\/www.garage-berset.ch\/wp-content\/uploads\/2024\/04\/toyota-multicar_aygo_x_1-27-1-t-jpg_1577952_lowres-web-png-1024x576.png\" alt=\"\" class=\"wp-image-5542 size-full\" srcset=\"https:\/\/www.garage-berset.ch\/wp-content\/uploads\/2024\/04\/toyota-multicar_aygo_x_1-27-1-t-jpg_1577952_lowres-web-png-1024x576.png 1024w, https:\/\/www.garage-berset.ch\/wp-content\/uploads\/2024\/04\/toyota-multicar_aygo_x_1-27-1-t-jpg_1577952_lowres-web-png-300x169.png 300w, https:\/\/www.garage-berset.ch\/wp-content\/uploads\/2024\/04\/toyota-multicar_aygo_x_1-27-1-t-jpg_1577952_lowres-web-png-768x432.png 768w, https:\/\/www.garage-berset.ch\/wp-content\/uploads\/2024\/04\/toyota-multicar_aygo_x_1-27-1-t-jpg_1577952_lowres-web-png-1536x864.png 1536w, https:\/\/www.garage-berset.ch\/wp-content\/uploads\/2024\/04\/toyota-multicar_aygo_x_1-27-1-t-jpg_1577952_lowres-web-png-490x275.png 490w, https:\/\/www.garage-berset.ch\/wp-content\/uploads\/2024\/04\/toyota-multicar_aygo_x_1-27-1-t-jpg_1577952_lowres-web-png-1067x600.png 1067w, https:\/\/www.garage-berset.ch\/wp-content\/uploads\/2024\/04\/toyota-multicar_aygo_x_1-27-1-t-jpg_1577952_lowres-web-png.png 2000w\" sizes=\"auto, (max-width: 1024px) 100vw, 1024px\" \/><\/figure><div class=\"wp-block-media-text__content\">\n<h3 class=\"wp-block-heading has-black-color has-text-color has-link-color wp-elements-cab4140b5af5bc07cdb1931a8af5725b\">Wir k\u00fcmmern uns um alles.<\/h3>\n\n\n\n<p class=\"has-black-color has-text-color has-link-color wp-elements-a9ec613c2a78ab6c552612bd16c54214\">Ein kleiner Blechschaden oder ein Hagelschaden? Dies sind die Dinge, die jedem von uns irgendwann im Leben eines Autofahrers passieren. Wenn der Schaden nur materiell ist, umso besser. Dar\u00fcber hinaus finden Sie mit unseren Karosseriedienstleistungen einen 360\u00b0-Partner. Wir arbeiten seit mehr als 20 Jahren mit vertrauensw\u00fcrdigen Partnern zusammen und k\u00f6nnen Ihnen so eine perfekte R\u00fcckverfolgbarkeit der Reparaturen Ihres Autos garantieren.  <\/p>\n\n\n\n<div class=\"wp-block-buttons is-layout-flex wp-block-buttons-is-layout-flex\">\n<div class=\"wp-block-button is-style-outline is-style-outline--1\"><a class=\"wp-block-button__link has-white-color has-accent-magenta-background-color has-text-color has-background has-link-color wp-element-button\" href=\"https:\/\/www.garage-berset.ch\/de\/kontakt-2\/\" style=\"border-radius:15px\">Kontakt aufnehmen, um Ihren Schaden zu beheben.  <\/a><\/div>\n<\/div>\n<\/div><\/div>\n\n<div class=\"wp-block-media-text has-media-on-the-right is-stacked-on-mobile\"><div class=\"wp-block-media-text__content\">\n<h3 class=\"wp-block-heading has-black-color has-text-color has-link-color wp-elements-cd20b3a07577f2bd3c85046a6c04de24\">Versicherungspartner &amp; Garantien.<\/h3>\n\n\n\n<p class=\"has-black-color has-text-color has-link-color wp-elements-b4899b446c65025ec29860c30edf8703\">Sie sind mit den Beh\u00f6rdeng\u00e4ngen nach einem Schadenfall \u00fcberfordert oder Sie haben einfach keine Zeit oder Lust, sich damit zu befassen? Wir k\u00fcmmern uns um die Meldung Ihres Schadens, die Planung der Reparaturen und die Gew\u00e4hrleistung Ihrer Mobilit\u00e4t w\u00e4hrend der Reparatur Ihres Autos. Wir arbeiten mit den meisten Versicherungsgesellschaften bei der Abwicklung von Schadensf\u00e4llen zusammen, was die Garage Berset zum guten Karosseriepartner in Marly und im Greyerzerland macht, wenn das Blech zerknittert ist.  <\/p>\n<\/div><figure class=\"wp-block-media-text__media\"><img loading=\"lazy\" decoding=\"async\" width=\"1024\" height=\"682\" src=\"https:\/\/www.garage-berset.ch\/wp-content\/uploads\/2024\/04\/toy_yaris_cross_mc_2024_hub_con_img_bank_30-tif_1698309_lowres-web-png-1024x682.png\" alt=\"\" class=\"wp-image-5544 size-full\" srcset=\"https:\/\/www.garage-berset.ch\/wp-content\/uploads\/2024\/04\/toy_yaris_cross_mc_2024_hub_con_img_bank_30-tif_1698309_lowres-web-png-1024x682.png 1024w, https:\/\/www.garage-berset.ch\/wp-content\/uploads\/2024\/04\/toy_yaris_cross_mc_2024_hub_con_img_bank_30-tif_1698309_lowres-web-png-300x200.png 300w, https:\/\/www.garage-berset.ch\/wp-content\/uploads\/2024\/04\/toy_yaris_cross_mc_2024_hub_con_img_bank_30-tif_1698309_lowres-web-png-768x512.png 768w, https:\/\/www.garage-berset.ch\/wp-content\/uploads\/2024\/04\/toy_yaris_cross_mc_2024_hub_con_img_bank_30-tif_1698309_lowres-web-png-1536x1024.png 1536w, https:\/\/www.garage-berset.ch\/wp-content\/uploads\/2024\/04\/toy_yaris_cross_mc_2024_hub_con_img_bank_30-tif_1698309_lowres-web-png-413x275.png 413w, https:\/\/www.garage-berset.ch\/wp-content\/uploads\/2024\/04\/toy_yaris_cross_mc_2024_hub_con_img_bank_30-tif_1698309_lowres-web-png-900x600.png 900w, https:\/\/www.garage-berset.ch\/wp-content\/uploads\/2024\/04\/toy_yaris_cross_mc_2024_hub_con_img_bank_30-tif_1698309_lowres-web-png.png 2000w\" sizes=\"auto, (max-width: 1024px) 100vw, 1024px\" \/><\/figure><\/div>\n","protected":false},"featured_media":1969,"template":"single-service.php","class_list":["post-6935","service","type-service","status-publish","has-post-thumbnail","hentry"],"acf":[],"yoast_head":"<!-- This site is optimized with the Yoast SEO plugin v27.5 - https:\/\/yoast.com\/product\/yoast-seo-wordpress\/ -->\n<title>Karosserie und Lackierung - Garage Berset | Fribourg, Marly et la Tour-de-Tr\u00eame<\/title>\n<meta name=\"description\" content=\"Ein Schaden an Ihrem Auto? Wir k\u00fcmmern uns um alles, von der Koordination mit Ihrer Versicherung bis zur fachgerechten Reparatur.\" \/>\n<meta name=\"robots\" content=\"index, follow, max-snippet:-1, max-image-preview:large, max-video-preview:-1\" \/>\n<link rel=\"canonical\" href=\"https:\/\/www.garage-berset.ch\/de\/service\/karosserie-und-lackierung\/\" \/>\n<meta property=\"og:locale\" content=\"de_DE\" \/>\n<meta property=\"og:type\" content=\"article\" \/>\n<meta property=\"og:title\" content=\"Karosserie und Lackierung - Garage Berset | Fribourg, Marly et la Tour-de-Tr\u00eame\" \/>\n<meta property=\"og:description\" content=\"Ein Schaden an Ihrem Auto? Wir k\u00fcmmern uns um alles, von der Koordination mit Ihrer Versicherung bis zur fachgerechten Reparatur.\" \/>\n<meta property=\"og:url\" content=\"https:\/\/www.garage-berset.ch\/de\/service\/karosserie-und-lackierung\/\" \/>\n<meta property=\"og:site_name\" content=\"Garage Berset | Fribourg, Marly et la Tour-de-Tr\u00eame\" \/>\n<meta property=\"article:modified_time\" content=\"2025-06-19T09:34:29+00:00\" \/>\n<meta name=\"twitter:card\" content=\"summary_large_image\" \/>\n<meta name=\"twitter:label1\" content=\"Gesch\u00e4tzte Lesezeit\" \/>\n\t<meta name=\"twitter:data1\" content=\"1\u00a0Minute\" \/>\n<script type=\"application\/ld+json\" class=\"yoast-schema-graph\">{\"@context\":\"https:\\\/\\\/schema.org\",\"@graph\":[{\"@type\":\"WebPage\",\"@id\":\"https:\\\/\\\/www.garage-berset.ch\\\/de\\\/service\\\/karosserie-und-lackierung\\\/\",\"url\":\"https:\\\/\\\/www.garage-berset.ch\\\/de\\\/service\\\/karosserie-und-lackierung\\\/\",\"name\":\"Karosserie und Lackierung - Garage Berset | Fribourg, Marly et la Tour-de-Tr\u00eame\",\"isPartOf\":{\"@id\":\"https:\\\/\\\/www.garage-berset.ch\\\/#website\"},\"primaryImageOfPage\":{\"@id\":\"https:\\\/\\\/www.garage-berset.ch\\\/de\\\/service\\\/karosserie-und-lackierung\\\/#primaryimage\"},\"image\":{\"@id\":\"https:\\\/\\\/www.garage-berset.ch\\\/de\\\/service\\\/karosserie-und-lackierung\\\/#primaryimage\"},\"thumbnailUrl\":\"https:\\\/\\\/www.garage-berset.ch\\\/wp-content\\\/uploads\\\/2019\\\/06\\\/car-painting.svg\",\"datePublished\":\"2023-09-14T08:33:43+00:00\",\"dateModified\":\"2025-06-19T09:34:29+00:00\",\"description\":\"Ein Schaden an Ihrem Auto? Wir k\u00fcmmern uns um alles, von der Koordination mit Ihrer Versicherung bis zur fachgerechten Reparatur.\",\"breadcrumb\":{\"@id\":\"https:\\\/\\\/www.garage-berset.ch\\\/de\\\/service\\\/karosserie-und-lackierung\\\/#breadcrumb\"},\"inLanguage\":\"de\",\"potentialAction\":[{\"@type\":\"ReadAction\",\"target\":[\"https:\\\/\\\/www.garage-berset.ch\\\/de\\\/service\\\/karosserie-und-lackierung\\\/\"]}]},{\"@type\":\"ImageObject\",\"inLanguage\":\"de\",\"@id\":\"https:\\\/\\\/www.garage-berset.ch\\\/de\\\/service\\\/karosserie-und-lackierung\\\/#primaryimage\",\"url\":\"https:\\\/\\\/www.garage-berset.ch\\\/wp-content\\\/uploads\\\/2019\\\/06\\\/car-painting.svg\",\"contentUrl\":\"https:\\\/\\\/www.garage-berset.ch\\\/wp-content\\\/uploads\\\/2019\\\/06\\\/car-painting.svg\"},{\"@type\":\"BreadcrumbList\",\"@id\":\"https:\\\/\\\/www.garage-berset.ch\\\/de\\\/service\\\/karosserie-und-lackierung\\\/#breadcrumb\",\"itemListElement\":[{\"@type\":\"ListItem\",\"position\":1,\"name\":\"Accueil\",\"item\":\"https:\\\/\\\/www.garage-berset.ch\\\/de\\\/garage-berset-3\\\/\"},{\"@type\":\"ListItem\",\"position\":2,\"name\":\"Prestations\",\"item\":\"https:\\\/\\\/www.garage-berset.ch\\\/service\\\/\"},{\"@type\":\"ListItem\",\"position\":3,\"name\":\"Karosserie und Lackierung\"}]},{\"@type\":\"WebSite\",\"@id\":\"https:\\\/\\\/www.garage-berset.ch\\\/#website\",\"url\":\"https:\\\/\\\/www.garage-berset.ch\\\/\",\"name\":\"Garage Berset | Fribourg, Marly et la Tour-de-Tr\u00eame\",\"description\":\"Depuis 1951, le Garage Berset \u00e0 Fribourg (Marly) et \u00e0 Bulle (Tour-de-Tr\u00eame) est le leader des marques Lexus, Toyota et Maserati dans le canton de Fribourg.\",\"potentialAction\":[{\"@type\":\"SearchAction\",\"target\":{\"@type\":\"EntryPoint\",\"urlTemplate\":\"https:\\\/\\\/www.garage-berset.ch\\\/?s={search_term_string}\"},\"query-input\":{\"@type\":\"PropertyValueSpecification\",\"valueRequired\":true,\"valueName\":\"search_term_string\"}}],\"inLanguage\":\"de\"}]}<\/script>\n<!-- \/ Yoast SEO plugin. -->","yoast_head_json":{"title":"Karosserie und Lackierung - Garage Berset | Fribourg, Marly et la Tour-de-Tr\u00eame","description":"Ein Schaden an Ihrem Auto? Wir k\u00fcmmern uns um alles, von der Koordination mit Ihrer Versicherung bis zur fachgerechten Reparatur.","robots":{"index":"index","follow":"follow","max-snippet":"max-snippet:-1","max-image-preview":"max-image-preview:large","max-video-preview":"max-video-preview:-1"},"canonical":"https:\/\/www.garage-berset.ch\/de\/service\/karosserie-und-lackierung\/","og_locale":"de_DE","og_type":"article","og_title":"Karosserie und Lackierung - Garage Berset | Fribourg, Marly et la Tour-de-Tr\u00eame","og_description":"Ein Schaden an Ihrem Auto? Wir k\u00fcmmern uns um alles, von der Koordination mit Ihrer Versicherung bis zur fachgerechten Reparatur.","og_url":"https:\/\/www.garage-berset.ch\/de\/service\/karosserie-und-lackierung\/","og_site_name":"Garage Berset | Fribourg, Marly et la Tour-de-Tr\u00eame","article_modified_time":"2025-06-19T09:34:29+00:00","twitter_card":"summary_large_image","twitter_misc":{"Gesch\u00e4tzte Lesezeit":"1\u00a0Minute"},"schema":{"@context":"https:\/\/schema.org","@graph":[{"@type":"WebPage","@id":"https:\/\/www.garage-berset.ch\/de\/service\/karosserie-und-lackierung\/","url":"https:\/\/www.garage-berset.ch\/de\/service\/karosserie-und-lackierung\/","name":"Karosserie und Lackierung - Garage Berset | Fribourg, Marly et la Tour-de-Tr\u00eame","isPartOf":{"@id":"https:\/\/www.garage-berset.ch\/#website"},"primaryImageOfPage":{"@id":"https:\/\/www.garage-berset.ch\/de\/service\/karosserie-und-lackierung\/#primaryimage"},"image":{"@id":"https:\/\/www.garage-berset.ch\/de\/service\/karosserie-und-lackierung\/#primaryimage"},"thumbnailUrl":"https:\/\/www.garage-berset.ch\/wp-content\/uploads\/2019\/06\/car-painting.svg","datePublished":"2023-09-14T08:33:43+00:00","dateModified":"2025-06-19T09:34:29+00:00","description":"Ein Schaden an Ihrem Auto? Wir k\u00fcmmern uns um alles, von der Koordination mit Ihrer Versicherung bis zur fachgerechten Reparatur.","breadcrumb":{"@id":"https:\/\/www.garage-berset.ch\/de\/service\/karosserie-und-lackierung\/#breadcrumb"},"inLanguage":"de","potentialAction":[{"@type":"ReadAction","target":["https:\/\/www.garage-berset.ch\/de\/service\/karosserie-und-lackierung\/"]}]},{"@type":"ImageObject","inLanguage":"de","@id":"https:\/\/www.garage-berset.ch\/de\/service\/karosserie-und-lackierung\/#primaryimage","url":"https:\/\/www.garage-berset.ch\/wp-content\/uploads\/2019\/06\/car-painting.svg","contentUrl":"https:\/\/www.garage-berset.ch\/wp-content\/uploads\/2019\/06\/car-painting.svg"},{"@type":"BreadcrumbList","@id":"https:\/\/www.garage-berset.ch\/de\/service\/karosserie-und-lackierung\/#breadcrumb","itemListElement":[{"@type":"ListItem","position":1,"name":"Accueil","item":"https:\/\/www.garage-berset.ch\/de\/garage-berset-3\/"},{"@type":"ListItem","position":2,"name":"Prestations","item":"https:\/\/www.garage-berset.ch\/service\/"},{"@type":"ListItem","position":3,"name":"Karosserie und Lackierung"}]},{"@type":"WebSite","@id":"https:\/\/www.garage-berset.ch\/#website","url":"https:\/\/www.garage-berset.ch\/","name":"Garage Berset | Fribourg, Marly et la Tour-de-Tr\u00eame","description":"Depuis 1951, le Garage Berset \u00e0 Fribourg (Marly) et \u00e0 Bulle (Tour-de-Tr\u00eame) est le leader des marques Lexus, Toyota et Maserati dans le canton de Fribourg.","potentialAction":[{"@type":"SearchAction","target":{"@type":"EntryPoint","urlTemplate":"https:\/\/www.garage-berset.ch\/?s={search_term_string}"},"query-input":{"@type":"PropertyValueSpecification","valueRequired":true,"valueName":"search_term_string"}}],"inLanguage":"de"}]}},"_links":{"self":[{"href":"https:\/\/www.garage-berset.ch\/de\/wp-json\/wp\/v2\/service\/6935","targetHints":{"allow":["GET"]}}],"collection":[{"href":"https:\/\/www.garage-berset.ch\/de\/wp-json\/wp\/v2\/service"}],"about":[{"href":"https:\/\/www.garage-berset.ch\/de\/wp-json\/wp\/v2\/types\/service"}],"wp:featuredmedia":[{"embeddable":true,"href":"https:\/\/www.garage-berset.ch\/de\/wp-json\/wp\/v2\/media\/1969"}],"wp:attachment":[{"href":"https:\/\/www.garage-berset.ch\/de\/wp-json\/wp\/v2\/media?parent=6935"}],"curies":[{"name":"wp","href":"https:\/\/api.w.org\/{rel}","templated":true}]}}